{"id":688,"date":"2021-09-30T15:04:43","date_gmt":"2021-09-30T18:04:43","guid":{"rendered":"http:\/\/c2490507.ferozo.com\/to-pro\/?page_id=688"},"modified":"2026-02-23T23:22:55","modified_gmt":"2026-02-24T02:22:55","slug":"sobre-mi","status":"publish","type":"page","link":"https:\/\/elpachilinartista.com\/sitio\/","title":{"rendered":"Sobre mi"},"content":{"rendered":"<p>[et_pb_section fb_built=&#8221;1&#8243; _builder_version=&#8221;4.18.0&#8243; _module_preset=&#8221;default&#8221; da_disable_devices=&#8221;off|off|off&#8221; global_colors_info=&#8221;{}&#8221; da_is_popup=&#8221;off&#8221; da_exit_intent=&#8221;off&#8221; da_has_close=&#8221;on&#8221; da_alt_close=&#8221;off&#8221; da_dark_close=&#8221;off&#8221; da_not_modal=&#8221;on&#8221; da_is_singular=&#8221;off&#8221; da_with_loader=&#8221;off&#8221; da_has_shadow=&#8221;on&#8221;][et_pb_row column_structure=&#8221;1_2,1_2&#8243; _builder_version=&#8221;4.27.5&#8243; _module_preset=&#8221;default&#8221; custom_padding=&#8221;0px||0px||true|false&#8221; hover_enabled=&#8221;0&#8243; global_colors_info=&#8221;{}&#8221; sticky_enabled=&#8221;0&#8243;][et_pb_column type=&#8221;1_2&#8243; _builder_version=&#8221;4.18.0&#8243; _module_preset=&#8221;default&#8221; global_colors_info=&#8221;{}&#8221;][et_pb_text _builder_version=&#8221;4.18.0&#8243; _module_preset=&#8221;e17ebadd-dda7-462b-aa94-647cb9a0d287&#8243; text_orientation=&#8221;left&#8221; global_colors_info=&#8221;{}&#8221;]<\/p>\n<p>Los colores de la isla<\/p>\n<p>[\/et_pb_text][et_pb_text _builder_version=&#8221;4.18.0&#8243; _module_preset=&#8221;56a92073-7cd5-499c-9163-63f42405fe2f&#8221; text_text_color=&#8221;#0B1E41&#8243; text_orientation=&#8221;left&#8221; custom_margin=&#8221;||10px||false|false&#8221; global_colors_info=&#8221;{}&#8221;]<\/p>\n<p>Alfonso S. Pachil\u00edn<\/p>\n<p>[\/et_pb_text][et_pb_image src=&#8221;https:\/\/elpachilinartista.com\/sitio\/wp-content\/uploads\/2022\/08\/Img-Alfonso-Pachilin.jpg&#8221; title_text=&#8221;Img- Alfonso Pachilin&#8221; align=&#8221;center&#8221; _builder_version=&#8221;4.18.0&#8243; _module_preset=&#8221;default&#8221; max_width_tablet=&#8221;50%&#8221; max_width_phone=&#8221;80%&#8221; max_width_last_edited=&#8221;on|phone&#8221; animation_direction=&#8221;right&#8221; scroll_horizontal_motion=&#8221;0|50|50|100|4|0|10&#8243; scroll_rotating=&#8221;0|50|50|100|180\u00b0|-5\u00b0|150\u00b0&#8221; custom_css_main_element=&#8221;display:none;&#8221; border_radii=&#8221;on|300px|300px|300px|300px&#8221; global_module=&#8221;1680&#8243; saved_tabs=&#8221;all&#8221; global_colors_info=&#8221;{}&#8221; custom_css_main_element_last_edited=&#8221;on|tablet&#8221; custom_css_main_element_tablet=&#8221;-&#8221; custom_css_main_element_phone=&#8221;-&#8220;][\/et_pb_image][et_pb_text _builder_version=&#8221;4.18.0&#8243; _module_preset=&#8221;a829b51c-eb21-4ed6-8041-90d5b54f9c9a&#8221; max_width=&#8221;515px&#8221; max_width_tablet=&#8221;&#8221; max_width_phone=&#8221;515px&#8221; max_width_last_edited=&#8221;on|desktop&#8221; custom_margin=&#8221;20px||0px||false|false&#8221; global_colors_info=&#8221;{}&#8221; custom_padding=&#8221;||205px|||&#8221;]<\/p>\n<p>Alfonso S. Pachil\u00edn (Londres, 1967) reside en Costa Calma, Fuerteventura, desde 1999. Su trabajo se centra en la acuarela, t\u00e9cnica que explora de forma exclusiva desde 2019 tras etapas anteriores con pastel y acr\u00edlico. La transparencia y la inmediatez del medio le permiten abordar el paisaje insular desde una mirada contempor\u00e1nea, marcada por la intensidad del color y la libertad del trazo.<\/p>\n<p>En 2024, dos de sus acuarelas fueron seleccionadas para formar parte de la delegaci\u00f3n canaria en la Octava Trienal Internacional de Acuarela de Santa Marta (Colombia) y en Fabriano in Acquarello (Italia). Desde entonces, su obra ha continuado presente en Fabriano in Acquarello en las ediciones de 2025 y 2026, al tiempo que ha participado en exposiciones individuales y colectivas en Fuerteventura junto al colectivo majorero AnimArte.<\/p>\n<p>Desde esa continuidad, explora la relaci\u00f3n entre paisaje, atm\u00f3sfera y presencia, tomando como eje el territorio del sur de Fuerteventura.<\/p>\n<p>[\/et_pb_text][et_pb_button button_url=&#8221;#bio&#8221; button_text=&#8221;Leer m\u00e1s&#8221; button_alignment=&#8221;left&#8221; button_alignment_tablet=&#8221;center&#8221; button_alignment_phone=&#8221;center&#8221; button_alignment_last_edited=&#8221;on|tablet&#8221; _builder_version=&#8221;4.18.0&#8243; _module_preset=&#8221;default&#8221; button_text_color=&#8221;#707070&#8243; button_bg_color=&#8221;RGBA(255,255,255,0)&#8221; button_font=&#8221;Lato|700|||on||||&#8221; custom_padding=&#8221;8px|0px|8px|0px|true|true&#8221; global_colors_info=&#8221;{}&#8221; button_bg_color__hover_enabled=&#8221;off|desktop&#8221;][\/et_pb_button][\/et_pb_column][et_pb_column type=&#8221;1_2&#8243; _builder_version=&#8221;4.18.0&#8243; _module_preset=&#8221;default&#8221; global_colors_info=&#8221;{}&#8221;][et_pb_image src=&#8221;https:\/\/elpachilinartista.com\/sitio\/wp-content\/uploads\/2022\/08\/Img-Alfonso-Pachilin.jpg&#8221; title_text=&#8221;Img- Alfonso Pachilin&#8221; _builder_version=&#8221;4.18.0&#8243; _module_preset=&#8221;default&#8221; animation_direction=&#8221;right&#8221; scroll_horizontal_motion=&#8221;0|50|50|100|4|0|10&#8243; scroll_rotating=&#8221;0|50|50|100|180\u00b0|-5\u00b0|150\u00b0&#8221; border_radii=&#8221;on|300px|300px|300px|300px&#8221; global_module=&#8221;1680&#8243; saved_tabs=&#8221;all&#8221; global_colors_info=&#8221;{}&#8221; custom_css_main_element_last_edited=&#8221;on|tablet&#8221; custom_css_main_element_tablet=&#8221;display:none;&#8221; custom_css_main_element_phone=&#8221;display:none;&#8221;][\/et_pb_image][\/et_pb_column][\/et_pb_row][et_pb_row _builder_version=&#8221;4.18.0&#8243; _module_preset=&#8221;default&#8221; background_image=&#8221;https:\/\/elpachilinartista.com\/sitio\/wp-content\/uploads\/2022\/08\/Detalle-de-pintura-acuarela.jpg&#8221; background_size=&#8221;contain&#8221; background_position=&#8221;center_left&#8221; positioning=&#8221;absolute&#8221; position_origin_a=&#8221;bottom_left&#8221; position_origin_a_tablet=&#8221;bottom_left&#8221; position_origin_a_phone=&#8221;bottom_left&#8221; position_origin_a_last_edited=&#8221;on|desktop&#8221; position_origin_f_tablet=&#8221;&#8221; position_origin_f_phone=&#8221;&#8221; position_origin_f_last_edited=&#8221;on|desktop&#8221; position_origin_r_tablet=&#8221;&#8221; position_origin_r_phone=&#8221;&#8221; position_origin_r_last_edited=&#8221;on|desktop&#8221; width=&#8221;100%&#8221; width_tablet=&#8221;100%&#8221; width_phone=&#8221;30%&#8221; width_last_edited=&#8221;on|tablet&#8221; max_width=&#8221;100%&#8221; min_height_tablet=&#8221;106px&#8221; min_height_phone=&#8221;100px&#8221; min_height_last_edited=&#8221;on|phone&#8221; positioning_tablet=&#8221;absolute&#8221; positioning_phone=&#8221;absolute&#8221; positioning_last_edited=&#8221;on|desktop&#8221; global_colors_info=&#8221;{}&#8221;][et_pb_column type=&#8221;4_4&#8243; _builder_version=&#8221;4.18.0&#8243; _module_preset=&#8221;default&#8221; global_colors_info=&#8221;{}&#8221;][\/et_pb_column][\/et_pb_row][et_pb_row _builder_version=&#8221;4.18.0&#8243; _module_preset=&#8221;default&#8221; background_image=&#8221;https:\/\/elpachilinartista.com\/sitio\/wp-content\/uploads\/2022\/08\/Datelle-de-pintura-acuarela-grande-1.jpg&#8221; background_size=&#8221;contain&#8221; background_position=&#8221;center_right&#8221; positioning=&#8221;absolute&#8221; position_origin_a=&#8221;top_right&#8221; width=&#8221;50%&#8221; width_tablet=&#8221;50%&#8221; width_phone=&#8221;100%&#8221; width_last_edited=&#8221;on|desktop&#8221; max_width=&#8221;100%&#8221; max_width_tablet=&#8221;&#8221; max_width_phone=&#8221;65%&#8221; max_width_last_edited=&#8221;on|phone&#8221; min_height=&#8221;334px&#8221; min_height_tablet=&#8221;450px&#8221; min_height_phone=&#8221;529px&#8221; min_height_last_edited=&#8221;on|tablet&#8221; custom_padding=&#8221;0px||0px||true|false&#8221; global_colors_info=&#8221;{}&#8221;][et_pb_column type=&#8221;4_4&#8243; _builder_version=&#8221;4.18.0&#8243; _module_preset=&#8221;default&#8221; global_colors_info=&#8221;{}&#8221;][\/et_pb_column][\/et_pb_row][\/et_pb_section][et_pb_section fb_built=&#8221;1&#8243; admin_label=&#8221;Servicios&#8221; module_id=&#8221;planes&#8221; _builder_version=&#8221;4.16&#8243; _module_preset=&#8221;default&#8221; custom_padding=&#8221;0px||0px||true|false&#8221; da_disable_devices=&#8221;off|off|off&#8221; global_colors_info=&#8221;{}&#8221; da_is_popup=&#8221;off&#8221; da_exit_intent=&#8221;off&#8221; da_has_close=&#8221;on&#8221; da_alt_close=&#8221;off&#8221; da_dark_close=&#8221;off&#8221; da_not_modal=&#8221;on&#8221; da_is_singular=&#8221;off&#8221; da_with_loader=&#8221;off&#8221; da_has_shadow=&#8221;on&#8221;][et_pb_row _builder_version=&#8221;4.16&#8243; _module_preset=&#8221;default&#8221; width=&#8221;100%&#8221; max_width=&#8221;100%&#8221; custom_padding=&#8221;0px||0px||true|false&#8221; global_colors_info=&#8221;{}&#8221;][et_pb_column type=&#8221;4_4&#8243; _builder_version=&#8221;4.16&#8243; _module_preset=&#8221;default&#8221; global_colors_info=&#8221;{}&#8221;][dica_divi_carousel item_width_auto=&#8221;on&#8221; item_width=&#8221;342px&#8221; transition_duration=&#8221;2500&#8243; loop=&#8221;on&#8221; autoplay=&#8221;on&#8221; autoplay_speed=&#8221;2500&#8243; item_spacing=&#8221;0&#8243; advanced_effect=&#8221;1&#8243; _builder_version=&#8221;4.18.0&#8243; _module_preset=&#8221;default&#8221; global_colors_info=&#8221;{}&#8221;][dica_divi_carouselitem button_url_new_window=&#8221;1&#8243; image=&#8221;https:\/\/elpachilinartista.com\/sitio\/wp-content\/uploads\/2022\/08\/Img-Taller-de-Pachilin.jpg&#8221; _builder_version=&#8221;4.18.0&#8243; _module_preset=&#8221;default&#8221; global_colors_info=&#8221;{}&#8221;][\/dica_divi_carouselitem][dica_divi_carouselitem button_url_new_window=&#8221;1&#8243; image=&#8221;https:\/\/elpachilinartista.com\/sitio\/wp-content\/uploads\/2022\/08\/Img-Pachilin-trabaando-en-taller.jpg&#8221; _builder_version=&#8221;4.18.0&#8243; _module_preset=&#8221;default&#8221; global_colors_info=&#8221;{}&#8221;][\/dica_divi_carouselitem][dica_divi_carouselitem button_url_new_window=&#8221;1&#8243; image=&#8221;https:\/\/elpachilinartista.com\/sitio\/wp-content\/uploads\/2022\/08\/Img-Pachilin-con-mural-en-la-pared.jpg&#8221; _builder_version=&#8221;4.18.0&#8243; _module_preset=&#8221;default&#8221; global_colors_info=&#8221;{}&#8221;][\/dica_divi_carouselitem][dica_divi_carouselitem button_url_new_window=&#8221;1&#8243; image=&#8221;https:\/\/elpachilinartista.com\/sitio\/wp-content\/uploads\/2022\/08\/Img-Pachilin-mostrando-su-obra-terminada.jpg&#8221; _builder_version=&#8221;4.18.0&#8243; _module_preset=&#8221;default&#8221; global_colors_info=&#8221;{}&#8221;][\/dica_divi_carouselitem][\/dica_divi_carousel][\/et_pb_column][\/et_pb_row][\/et_pb_section][et_pb_section fb_built=&#8221;1&#8243; _builder_version=&#8221;4.18.0&#8243; da_disable_devices=&#8221;off|off|off&#8221; global_colors_info=&#8221;{}&#8221; da_is_popup=&#8221;off&#8221; da_exit_intent=&#8221;off&#8221; da_has_close=&#8221;on&#8221; da_alt_close=&#8221;off&#8221; da_dark_close=&#8221;off&#8221; da_not_modal=&#8221;on&#8221; da_is_singular=&#8221;off&#8221; da_with_loader=&#8221;off&#8221; da_has_shadow=&#8221;on&#8221;][et_pb_row _builder_version=&#8221;4.18.0&#8243; custom_padding=&#8221;0px|0px||0px|false|false&#8221; global_colors_info=&#8221;{}&#8221;][et_pb_column type=&#8221;4_4&#8243; _builder_version=&#8221;4.16&#8243; custom_padding=&#8221;|||&#8221; global_colors_info=&#8221;{}&#8221; custom_padding__hover=&#8221;|||&#8221;][et_pb_text _builder_version=&#8221;4.18.0&#8243; _module_preset=&#8221;e17ebadd-dda7-462b-aa94-647cb9a0d287&#8243; global_colors_info=&#8221;{}&#8221;]<\/p>\n<p>Renueva tus ambientes con arte<\/p>\n<p>[\/et_pb_text][et_pb_text _builder_version=&#8221;4.18.0&#8243; _module_preset=&#8221;56a92073-7cd5-499c-9163-63f42405fe2f&#8221; text_text_color=&#8221;#0B1E41&#8243; global_colors_info=&#8221;{}&#8221;]<\/p>\n<p>Puedes tenerla en 3 simples pasos<\/p>\n<p>[\/et_pb_text][\/et_pb_column][\/et_pb_row][et_pb_row column_structure=&#8221;1_3,1_3,1_3&#8243; use_custom_gutter=&#8221;on&#8221; make_equal=&#8221;on&#8221; padding_top_bottom_link_1=&#8221;true&#8221; padding_top_bottom_link_2=&#8221;true&#8221; padding_top_bottom_link_3=&#8221;true&#8221; padding_left_right_link_1=&#8221;true&#8221; padding_left_right_link_2=&#8221;true&#8221; padding_left_right_link_3=&#8221;true&#8221; _builder_version=&#8221;4.18.0&#8243; width_tablet=&#8221;90%&#8221; width_phone=&#8221;90%&#8221; width_last_edited=&#8221;off|phone&#8221; max_width_tablet=&#8221;90%&#8221; max_width_phone=&#8221;90%&#8221; max_width_last_edited=&#8221;off|tablet&#8221; custom_padding=&#8221;35px|||||&#8221; global_colors_info=&#8221;{}&#8221;][et_pb_column type=&#8221;1_3&#8243; _builder_version=&#8221;4.16&#8243; custom_padding=&#8221;|||&#8221; global_colors_info=&#8221;{}&#8221; custom_padding__hover=&#8221;|||&#8221;][et_pb_text _builder_version=&#8221;4.18.0&#8243; _module_preset=&#8221;b1e28c30-9838-4578-a1e9-bf17c3b77f73&#8243; global_colors_info=&#8221;{}&#8221;]<\/p>\n<h1>.01<\/h1>\n<p>[\/et_pb_text][et_pb_text admin_label=&#8221;Texto&#8221; _builder_version=&#8221;4.18.0&#8243; _module_preset=&#8221;b435563e-1c24-4093-8961-69c347b756e2&#8243; global_colors_info=&#8221;{}&#8221;]<\/p>\n<p>Elige una pintura<\/p>\n<p>[\/et_pb_text][et_pb_divider color=&#8221;#0B1E41&#8243; disabled_on=&#8221;on|on|off&#8221; admin_label=&#8221;Separador&#8221; _builder_version=&#8221;4.18.0&#8243; module_alignment=&#8221;center&#8221; custom_margin=&#8221;-14px||&#8221; custom_padding=&#8221;0px||&#8221; global_colors_info=&#8221;{}&#8221;][\/et_pb_divider][et_pb_divider color=&#8221;#0B1E41&#8243; divider_weight=&#8221;6px&#8221; disabled_on=&#8221;on|on|off&#8221; _builder_version=&#8221;4.18.0&#8243; max_width=&#8221;80px&#8221; custom_margin=&#8221;-60px||||false|false&#8221; custom_margin_tablet=&#8221;-56px||&#8221; custom_margin_phone=&#8221;-56px||&#8221; custom_margin_last_edited=&#8221;on|desktop&#8221; global_colors_info=&#8221;{}&#8221;][\/et_pb_divider][et_pb_text _builder_version=&#8221;4.18.0&#8243; _module_preset=&#8221;a829b51c-eb21-4ed6-8041-90d5b54f9c9a&#8221; custom_margin=&#8221;-35px||||false|false&#8221; text_text_align=&#8221;left&#8221; global_colors_info=&#8221;{}&#8221;]<\/p>\n<p>Ingresa a la tienda y elige entre todas las opciones la pintura que mejor se adapte a tus gustos y al ambiente.<\/p>\n<p>[\/et_pb_text][\/et_pb_column][et_pb_column type=&#8221;1_3&#8243; _builder_version=&#8221;4.16&#8243; custom_padding=&#8221;|||&#8221; global_colors_info=&#8221;{}&#8221; custom_padding__hover=&#8221;|||&#8221;][et_pb_text _builder_version=&#8221;4.18.0&#8243; _module_preset=&#8221;b1e28c30-9838-4578-a1e9-bf17c3b77f73&#8243; global_colors_info=&#8221;{}&#8221;]<\/p>\n<h1>.02<\/h1>\n<p>[\/et_pb_text][et_pb_text admin_label=&#8221;Texto&#8221; _builder_version=&#8221;4.18.0&#8243; _module_preset=&#8221;b435563e-1c24-4093-8961-69c347b756e2&#8243; global_colors_info=&#8221;{}&#8221;]<\/p>\n<p>Realiza el pago<\/p>\n<p>[\/et_pb_text][et_pb_divider color=&#8221;#0B1E41&#8243; disabled_on=&#8221;on|on|off&#8221; admin_label=&#8221;Separador&#8221; _builder_version=&#8221;4.18.0&#8243; module_alignment=&#8221;center&#8221; custom_margin=&#8221;-14px||&#8221; custom_padding=&#8221;0px||&#8221; global_colors_info=&#8221;{}&#8221;][\/et_pb_divider][et_pb_divider color=&#8221;#0B1E41&#8243; divider_weight=&#8221;6px&#8221; disabled_on=&#8221;on|on|off&#8221; _builder_version=&#8221;4.18.0&#8243; max_width=&#8221;80px&#8221; custom_margin=&#8221;-60px||||false|false&#8221; custom_margin_tablet=&#8221;-56px||&#8221; custom_margin_phone=&#8221;-56px||&#8221; custom_margin_last_edited=&#8221;on|desktop&#8221; global_colors_info=&#8221;{}&#8221;][\/et_pb_divider][et_pb_text _builder_version=&#8221;4.18.0&#8243; _module_preset=&#8221;a829b51c-eb21-4ed6-8041-90d5b54f9c9a&#8221; custom_margin=&#8221;-35px||||false|false&#8221; text_text_align=&#8221;left&#8221; global_colors_info=&#8221;{}&#8221;]<\/p>\n<p>Esta tienda cuenta con la forma m\u00e1s segura de compra del mercado, abonas en 2 simples pasos y tu pintura llegar\u00e1 en 24hs.<\/p>\n<p>[\/et_pb_text][\/et_pb_column][et_pb_column type=&#8221;1_3&#8243; _builder_version=&#8221;4.16&#8243; custom_padding=&#8221;|||&#8221; global_colors_info=&#8221;{}&#8221; custom_padding__hover=&#8221;|||&#8221;][et_pb_text _builder_version=&#8221;4.18.0&#8243; _module_preset=&#8221;b1e28c30-9838-4578-a1e9-bf17c3b77f73&#8243; global_colors_info=&#8221;{}&#8221;]<\/p>\n<h1>.03<\/h1>\n<p>[\/et_pb_text][et_pb_text admin_label=&#8221;Texto&#8221; _builder_version=&#8221;4.18.0&#8243; _module_preset=&#8221;b435563e-1c24-4093-8961-69c347b756e2&#8243; global_colors_info=&#8221;{}&#8221;]<\/p>\n<p>\u00a1Listo! a disfrutar<\/p>\n<p>[\/et_pb_text][et_pb_divider color=&#8221;#0B1E41&#8243; disabled_on=&#8221;on|on|off&#8221; admin_label=&#8221;Separador&#8221; _builder_version=&#8221;4.18.0&#8243; module_alignment=&#8221;center&#8221; custom_margin=&#8221;-14px||&#8221; custom_padding=&#8221;0px||&#8221; global_colors_info=&#8221;{}&#8221;][\/et_pb_divider][et_pb_divider color=&#8221;#0B1E41&#8243; divider_weight=&#8221;6px&#8221; disabled_on=&#8221;on|on|off&#8221; _builder_version=&#8221;4.18.0&#8243; max_width=&#8221;80px&#8221; custom_margin=&#8221;-60px||||false|false&#8221; custom_margin_tablet=&#8221;-56px||&#8221; custom_margin_phone=&#8221;-56px||&#8221; custom_margin_last_edited=&#8221;on|desktop&#8221; global_colors_info=&#8221;{}&#8221;][\/et_pb_divider][et_pb_text _builder_version=&#8221;4.18.0&#8243; _module_preset=&#8221;a829b51c-eb21-4ed6-8041-90d5b54f9c9a&#8221; custom_margin=&#8221;-35px||||false|false&#8221; text_text_align=&#8221;left&#8221; global_colors_info=&#8221;{}&#8221;]<\/p>\n<p>\u00a1Env\u00edos todos los d\u00edas! Tu pintura estar\u00e1 en camino en menos de 24hs luego de concretada la compra, \u00a1a disfrutarla!<\/p>\n<p>[\/et_pb_text][\/et_pb_column][\/et_pb_row][et_pb_row _builder_version=&#8221;4.18.0&#8243; _module_preset=&#8221;default&#8221; custom_padding=&#8221;||0px||false|false&#8221; global_colors_info=&#8221;{}&#8221;][et_pb_column type=&#8221;4_4&#8243; _builder_version=&#8221;4.18.0&#8243; _module_preset=&#8221;default&#8221; global_colors_info=&#8221;{}&#8221;][et_pb_button button_url=&#8221;https:\/\/elpachilinartista.com\/tienda\/&#8221; button_text=&#8221;Ir a la tienda&#8221; _builder_version=&#8221;4.18.0&#8243; _module_preset=&#8221;default&#8221; global_colors_info=&#8221;{}&#8221; button_bg_color__hover=&#8221;#0B1E41&#8243;][\/et_pb_button][\/et_pb_column][\/et_pb_row][\/et_pb_section][et_pb_section fb_built=&#8221;1&#8243; admin_label=&#8221;Popup &#8211; #bio&#8221; module_id=&#8221;bio&#8221; module_class=&#8221;popup&#8221; _builder_version=&#8221;4.18.0&#8243; _module_preset=&#8221;default&#8221; max_width=&#8221;75%&#8221; custom_padding=&#8221;7vh||7vh||true|false&#8221; da_is_popup=&#8221;on&#8221; da_popup_slug=&#8221;bio&#8221; da_disable_devices=&#8221;off|off|off&#8221; global_colors_info=&#8221;{}&#8221; da_exit_intent=&#8221;off&#8221; da_has_close=&#8221;on&#8221; da_alt_close=&#8221;off&#8221; da_dark_close=&#8221;off&#8221; da_not_modal=&#8221;on&#8221; da_is_singular=&#8221;off&#8221; da_with_loader=&#8221;off&#8221; da_has_shadow=&#8221;on&#8221;][et_pb_row _builder_version=&#8221;4.18.0&#8243; _module_preset=&#8221;default&#8221; custom_padding=&#8221;0px||0px||true|false&#8221; global_colors_info=&#8221;{}&#8221;][et_pb_column type=&#8221;4_4&#8243; _builder_version=&#8221;4.18.0&#8243; _module_preset=&#8221;default&#8221; global_colors_info=&#8221;{}&#8221;][et_pb_text _builder_version=&#8221;4.18.0&#8243; _module_preset=&#8221;e17ebadd-dda7-462b-aa94-647cb9a0d287&#8243; text_text_color=&#8221;#886124&#8243; text_orientation=&#8221;left&#8221; global_colors_info=&#8221;{}&#8221;]Los colores de la isla[\/et_pb_text][et_pb_text _builder_version=&#8221;4.18.0&#8243; _module_preset=&#8221;56a92073-7cd5-499c-9163-63f42405fe2f&#8221; text_text_color=&#8221;#0B1E41&#8243; text_orientation=&#8221;left&#8221; global_colors_info=&#8221;{}&#8221;]ALFONSO S. PACHIL\u00cdN[\/et_pb_text][et_pb_text _builder_version=&#8221;4.18.0&#8243; _module_preset=&#8221;a829b51c-eb21-4ed6-8041-90d5b54f9c9a&#8221; custom_margin=&#8221;||10px||false|false&#8221; global_colors_info=&#8221;{}&#8221;]<\/p>\n<p>Estando ya en la isla, particip\u00e9 -primero como alumno y despu\u00e9s como monitor- en un proyecto cultural cuyo nombre era <span style=\"color: #0b1e41;\"><strong>Aprender a mirar<\/strong><\/span>, inspirado en la filosof\u00eda de Mar\u00eda Zambrano. Durante un lustro desarroll\u00e9 una forma respetuosa y pausada de acercarme al proceso creativo literario, que despu\u00e9s he aplicado de forma natural a la pintura cuando en 2016 retom\u00e9 mi afici\u00f3n por los pinceles y los colores.<\/p>\n<p>Si hubiera que definir con una caracter\u00edstica mis creaciones, ser\u00eda <span style=\"color: #0b1e41;\"><strong>el uso deliberado del color como forma de expresi\u00f3n<\/strong><\/span>. Mis cuadros suelen reflejar momentos del d\u00eda en que los colores y los contrastes son m\u00e1s intensos. Tras una etapa utilizando pasteles y acr\u00edlicos, desde finales de 2019 me he especializado en la acuarela. La luz y la ligereza de esta t\u00e9cnica me permiten captar la belleza de Fuerteventura en toda su intensidad.<\/p>\n<p>[\/et_pb_text][et_pb_text _builder_version=&#8221;4.18.0&#8243; _module_preset=&#8221;a829b51c-eb21-4ed6-8041-90d5b54f9c9a&#8221; text_font=&#8221;Lato|300|on||||||&#8221; text_text_color=&#8221;#E09C37&#8243; global_colors_info=&#8221;{}&#8221;]<\/p>\n<p>Si tuviera que explicar en pocas palabras qu\u00e9 quieren plasmar mis acuarelas, ser\u00eda as\u00ed:<br \/><strong>la luz y la belleza serena de Fuerteventura, los colores de la isla.<\/strong><\/p>\n<p>[\/et_pb_text][\/et_pb_column][\/et_pb_row][\/et_pb_section]<\/p>\n","protected":false},"excerpt":{"rendered":"<p>Los colores de la islaAlfonso S. Pachil\u00ednAlfonso S. Pachil\u00edn (Londres, 1967) reside en Costa Calma, Fuerteventura, desde 1999. Su trabajo se centra en la acuarela, t\u00e9cnica que explora de forma exclusiva desde 2019 tras etapas anteriores con pastel y acr\u00edlico. La transparencia y la inmediatez del medio le permiten abordar el paisaje insular desde una [&hellip;]<\/p>\n","protected":false},"author":3,"featured_media":0,"parent":0,"menu_order":0,"comment_status":"closed","ping_status":"closed","template":"","meta":{"_et_pb_use_builder":"on","_et_pb_old_content":"","_et_gb_content_width":"","_joinchat":[],"footnotes":""},"class_list":["post-688","page","type-page","status-publish","hentry"],"yoast_head":"<!-- This site is optimized with the Yoast SEO plugin v27.4 - https:\/\/yoast.com\/product\/yoast-seo-wordpress\/ -->\n<title>Sobre mi - Alfonso Pachil\u00edn<\/title>\n<meta name=\"robots\" content=\"index, follow, max-snippet:-1, max-image-preview:large, max-video-preview:-1\" \/>\n<link rel=\"canonical\" href=\"https:\/\/elpachilinartista.com\/sitio\/\" \/>\n<meta property=\"og:locale\" content=\"es_ES\" \/>\n<meta property=\"og:type\" content=\"article\" \/>\n<meta property=\"og:title\" content=\"Sobre mi - Alfonso Pachil\u00edn\" \/>\n<meta property=\"og:description\" content=\"Los colores de la islaAlfonso S. Pachil\u00ednAlfonso S. Pachil\u00edn (Londres, 1967) reside en Costa Calma, Fuerteventura, desde 1999. Su trabajo se centra en la acuarela, t\u00e9cnica que explora de forma exclusiva desde 2019 tras etapas anteriores con pastel y acr\u00edlico. La transparencia y la inmediatez del medio le permiten abordar el paisaje insular desde una [&hellip;]\" \/>\n<meta property=\"og:url\" content=\"https:\/\/elpachilinartista.com\/sitio\/\" \/>\n<meta property=\"og:site_name\" content=\"Alfonso Pachil\u00edn\" \/>\n<meta property=\"article:modified_time\" content=\"2026-02-24T02:22:55+00:00\" \/>\n<meta name=\"twitter:card\" content=\"summary_large_image\" \/>\n<meta name=\"twitter:label1\" content=\"Tiempo de lectura\" \/>\n\t<meta name=\"twitter:data1\" content=\"12 minutos\" \/>\n<script type=\"application\/ld+json\" class=\"yoast-schema-graph\">{\"@context\":\"https:\\\/\\\/schema.org\",\"@graph\":[{\"@type\":\"WebPage\",\"@id\":\"https:\\\/\\\/elpachilinartista.com\\\/sitio\\\/\",\"url\":\"https:\\\/\\\/elpachilinartista.com\\\/sitio\\\/\",\"name\":\"Sobre mi - Alfonso Pachil\u00edn\",\"isPartOf\":{\"@id\":\"https:\\\/\\\/elpachilinartista.com\\\/sitio\\\/#website\"},\"datePublished\":\"2021-09-30T18:04:43+00:00\",\"dateModified\":\"2026-02-24T02:22:55+00:00\",\"breadcrumb\":{\"@id\":\"https:\\\/\\\/elpachilinartista.com\\\/sitio\\\/#breadcrumb\"},\"inLanguage\":\"es\",\"potentialAction\":[{\"@type\":\"ReadAction\",\"target\":[\"https:\\\/\\\/elpachilinartista.com\\\/sitio\\\/\"]}]},{\"@type\":\"BreadcrumbList\",\"@id\":\"https:\\\/\\\/elpachilinartista.com\\\/sitio\\\/#breadcrumb\",\"itemListElement\":[{\"@type\":\"ListItem\",\"position\":1,\"name\":\"Home\",\"item\":\"https:\\\/\\\/elpachilinartista.com\\\/sitio\\\/\"},{\"@type\":\"ListItem\",\"position\":2,\"name\":\"Sobre mi\"}]},{\"@type\":\"WebSite\",\"@id\":\"https:\\\/\\\/elpachilinartista.com\\\/sitio\\\/#website\",\"url\":\"https:\\\/\\\/elpachilinartista.com\\\/sitio\\\/\",\"name\":\"Alfonso Pachil\u00edn\",\"description\":\"-\",\"potentialAction\":[{\"@type\":\"SearchAction\",\"target\":{\"@type\":\"EntryPoint\",\"urlTemplate\":\"https:\\\/\\\/elpachilinartista.com\\\/sitio\\\/?s={search_term_string}\"},\"query-input\":{\"@type\":\"PropertyValueSpecification\",\"valueRequired\":true,\"valueName\":\"search_term_string\"}}],\"inLanguage\":\"es\"}]}<\/script>\n<!-- \/ Yoast SEO plugin. -->","yoast_head_json":{"title":"Sobre mi - Alfonso Pachil\u00edn","robots":{"index":"index","follow":"follow","max-snippet":"max-snippet:-1","max-image-preview":"max-image-preview:large","max-video-preview":"max-video-preview:-1"},"canonical":"https:\/\/elpachilinartista.com\/sitio\/","og_locale":"es_ES","og_type":"article","og_title":"Sobre mi - Alfonso Pachil\u00edn","og_description":"Los colores de la islaAlfonso S. Pachil\u00ednAlfonso S. Pachil\u00edn (Londres, 1967) reside en Costa Calma, Fuerteventura, desde 1999. Su trabajo se centra en la acuarela, t\u00e9cnica que explora de forma exclusiva desde 2019 tras etapas anteriores con pastel y acr\u00edlico. La transparencia y la inmediatez del medio le permiten abordar el paisaje insular desde una [&hellip;]","og_url":"https:\/\/elpachilinartista.com\/sitio\/","og_site_name":"Alfonso Pachil\u00edn","article_modified_time":"2026-02-24T02:22:55+00:00","twitter_card":"summary_large_image","twitter_misc":{"Tiempo de lectura":"12 minutos"},"schema":{"@context":"https:\/\/schema.org","@graph":[{"@type":"WebPage","@id":"https:\/\/elpachilinartista.com\/sitio\/","url":"https:\/\/elpachilinartista.com\/sitio\/","name":"Sobre mi - Alfonso Pachil\u00edn","isPartOf":{"@id":"https:\/\/elpachilinartista.com\/sitio\/#website"},"datePublished":"2021-09-30T18:04:43+00:00","dateModified":"2026-02-24T02:22:55+00:00","breadcrumb":{"@id":"https:\/\/elpachilinartista.com\/sitio\/#breadcrumb"},"inLanguage":"es","potentialAction":[{"@type":"ReadAction","target":["https:\/\/elpachilinartista.com\/sitio\/"]}]},{"@type":"BreadcrumbList","@id":"https:\/\/elpachilinartista.com\/sitio\/#breadcrumb","itemListElement":[{"@type":"ListItem","position":1,"name":"Home","item":"https:\/\/elpachilinartista.com\/sitio\/"},{"@type":"ListItem","position":2,"name":"Sobre mi"}]},{"@type":"WebSite","@id":"https:\/\/elpachilinartista.com\/sitio\/#website","url":"https:\/\/elpachilinartista.com\/sitio\/","name":"Alfonso Pachil\u00edn","description":"-","potentialAction":[{"@type":"SearchAction","target":{"@type":"EntryPoint","urlTemplate":"https:\/\/elpachilinartista.com\/sitio\/?s={search_term_string}"},"query-input":{"@type":"PropertyValueSpecification","valueRequired":true,"valueName":"search_term_string"}}],"inLanguage":"es"}]}},"_links":{"self":[{"href":"https:\/\/elpachilinartista.com\/sitio\/wp-json\/wp\/v2\/pages\/688","targetHints":{"allow":["GET"]}}],"collection":[{"href":"https:\/\/elpachilinartista.com\/sitio\/wp-json\/wp\/v2\/pages"}],"about":[{"href":"https:\/\/elpachilinartista.com\/sitio\/wp-json\/wp\/v2\/types\/page"}],"author":[{"embeddable":true,"href":"https:\/\/elpachilinartista.com\/sitio\/wp-json\/wp\/v2\/users\/3"}],"replies":[{"embeddable":true,"href":"https:\/\/elpachilinartista.com\/sitio\/wp-json\/wp\/v2\/comments?post=688"}],"version-history":[{"count":46,"href":"https:\/\/elpachilinartista.com\/sitio\/wp-json\/wp\/v2\/pages\/688\/revisions"}],"predecessor-version":[{"id":2119,"href":"https:\/\/elpachilinartista.com\/sitio\/wp-json\/wp\/v2\/pages\/688\/revisions\/2119"}],"wp:attachment":[{"href":"https:\/\/elpachilinartista.com\/sitio\/wp-json\/wp\/v2\/media?parent=688"}],"curies":[{"name":"wp","href":"https:\/\/api.w.org\/{rel}","templated":true}]}}